{"id":8291,"date":"2020-05-29T14:40:19","date_gmt":"2020-05-29T14:40:19","guid":{"rendered":"https:\/\/guitarradegranada.com\/producto\/camps-primera-flamenco-guitar\/"},"modified":"2020-05-29T14:40:19","modified_gmt":"2020-05-29T14:40:19","slug":"camps-primera-flamenco-guitar","status":"publish","type":"product","link":"https:\/\/guitarradegranada.com\/en\/product\/camps-primera-flamenco-guitar\/","title":{"rendered":"Camps Primera Flamenco Guitar"},"content":{"rendered":"<p>The<strong> Guitarra Camps Primera <\/strong>is a &#8220;white flamenco<strong>&#8221; <\/strong>guitar from Guitarras Camps. It is a guitar made under the traditional parameters of manufacture by the Camps brothers in their workshop in Girona (Spain). <\/p>\n<p>This is a professional flamenco guitar of very high quality, light, with good attack and a quick response to the touch. The brothers Jordi and Javier Camps have collaborated with the acclaimed guitarist and pedagogue Manuel Granados, who tests and certifies each guitar before it leaves the factory.<\/p>\n<p>This is the white version of the Camps Primera, with more volume and very bright thanks to its solid cypress body.<\/p>\n<p>Therefore, it is a good choice for those flamenco guitarists looking for greater repertoire versatility. Like the Primera Negra, it has an extraordinary performance. <\/p>\n<p>The Camps Primera Blanca guitar incorporates a solid Spruce top, solid Cypress sides and back, Ebony fingerboard, glossy polyurethane polished varnish. In addition to very good woods, it incorporates important innovations of its most select concert guitars, among them the carbon fiber reinforcement of the neck, which makes possible a very thin neck that is a delight for speed and comfort. With pickguard.  <\/p>\n<p>The Camps Primera model is simply delightful to play. Flamenco sound, elegant and very comfortable. If you try it you will never want another one. Unbeatable price for such high quality.   <\/p>\n<div class=\"box1\">\n<div class=\"box1_t\"><strong>Technical specifications:<\/strong><\/div>\n<div><\/div>\n<div class=\"box1_cnt\">\n<table class=\"table3 w100\" width=\"250\">\n<tbody>\n<tr>\n<td class=\"t4\"><strong>Top<\/strong><\/td>\n<td class=\"t2\">German Spruce<\/td>\n<\/tr>\n<tr>\n<td class=\"t4\"><strong>Neck<\/strong><\/td>\n<td class=\"t2\">Cedar with carbon fiber reinforcement<\/td>\n<\/tr>\n<tr>\n<td class=\"t4\"><strong>Back and sides<\/strong><\/td>\n<td class=\"t2\">Solid cypress<\/td>\n<\/tr>\n<tr>\n<td class=\"t4\"><strong>Varnishing<\/strong><\/td>\n<td class=\"t2\">Polyurethane<\/td>\n<\/tr>\n<tr>\n<td class=\"t4\"><strong>Scale<\/strong><\/td>\n<td class=\"t2\">650 mm<\/td>\n<\/tr>\n<\/tbody>\n<\/table>\n<\/div>\n<\/div>\n<div class=\"clear\"><\/div>\n","protected":false},"excerpt":{"rendered":"<p><img loading=\"lazy\" decoding=\"async\" class=\"wp-image-1825 alignleft\" src=\"https:\/\/guitarradegranada.com\/wp-content\/uploads\/2020\/05\/camps.jpg\" alt=\"\" width=\"137\" height=\"54\" srcset=\"https:\/\/guitarradegranada.com\/wp-content\/uploads\/2020\/05\/camps.jpg 250w, https:\/\/guitarradegranada.com\/wp-content\/uploads\/2020\/05\/camps-64x25.jpg 64w\" sizes=\"auto, (max-width: 137px) 100vw, 137px\" \/><\/p>\n<p>&nbsp;<\/p>\n<p>High quality professional white flamenco guitar. Flamenco sound, elegant and very comfortable.  Made in Spain.<\/p>\n","protected":false},"featured_media":1867,"template":"","meta":{"_coblocks_attr":"","_coblocks_dimensions":"","_coblocks_responsive_height":"","_coblocks_accordion_ie_support":"","_crdt_document":"","jetpack_publicize_message":"","jetpack_publicize_feature_enabled":true,"jetpack_social_post_already_shared":true,"jetpack_social_options":{"image_generator_settings":{"template":"highway","default_image_id":0,"font":"","enabled":false},"version":2},"_wpas_customize_per_network":false},"product_brand":[],"product_cat":[50518904,50518903,50518898],"product_tag":[50519017,50518940],"class_list":{"0":"post-8291","1":"product","2":"type-product","3":"status-publish","4":"has-post-thumbnail","6":"product_cat-flamenco-concert-guitars","7":"product_cat-flamenco-guitars","8":"product_cat-classical-and-flamenco-guitars","9":"product_tag-camps-guitars","10":"product_tag-flamenco-guitar","11":"product_shipping_class-guitar-shipment","13":"first","14":"instock","15":"sale","16":"featured","17":"taxable","18":"shipping-taxable","19":"purchasable","20":"product-type-simple"},"bundled_by":[],"bundle_stock_status":"instock","bundle_stock_quantity":null,"bundle_virtual":false,"bundle_layout":"","bundle_add_to_cart_form_location":"","bundle_editable_in_cart":false,"bundle_sold_individually_context":"","bundle_item_grouping":"","bundle_min_size":"","bundle_max_size":"","bundle_price":[],"bundled_items":[],"bundle_sell_ids":[],"group_of_quantity":0,"min_quantity":0,"max_quantity":"","exclude_order_quantity_value_rules":"no","exclude_category_quantity_rules":"no","combine_variations":"no","exclude_global_add_ons":[],"addons":[],"yoast_head":"<!-- This site is optimized with the Yoast SEO plugin v27.4 - https:\/\/yoast.com\/product\/yoast-seo-wordpress\/ -->\n<title>\u25b7 Camps Primera Flamenco Guitar - LA GUITARRER\u00cdA DE GRANADA%.<\/title>\n<meta name=\"description\" content=\"Find here your Camps Primera professional flamenco guitar of high quality. Flamenco sound, elegant and very comfortable. Made in Spain.\" \/>\n<meta name=\"robots\" content=\"index, follow, max-snippet:-1, max-image-preview:large, max-video-preview:-1\" \/>\n<link rel=\"canonical\" href=\"https:\/\/guitarradegranada.com\/en\/product\/camps-primera-flamenco-guitar\/\" \/>\n<meta property=\"og:locale\" content=\"en_US\" \/>\n<meta property=\"og:type\" content=\"article\" \/>\n<meta property=\"og:title\" content=\"\u25b7 Camps Primera Flamenco Guitar - LA GUITARRER\u00cdA DE GRANADA%.\" \/>\n<meta property=\"og:description\" content=\"Find here your Camps Primera professional flamenco guitar of high quality. Flamenco sound, elegant and very comfortable. Made in Spain.\" \/>\n<meta property=\"og:url\" content=\"https:\/\/guitarradegranada.com\/en\/product\/camps-primera-flamenco-guitar\/\" \/>\n<meta property=\"og:site_name\" content=\"LA GUITARRER\u00cdA DE GRANADA\" \/>\n<meta property=\"og:image\" content=\"https:\/\/i0.wp.com\/guitarradegranada.com\/wp-content\/uploads\/2020\/05\/Captura-de-pantalla-2020-05-29-a-las-16.26.18.png?fit=1477%2C1321&ssl=1\" \/>\n\t<meta property=\"og:image:width\" content=\"1477\" \/>\n\t<meta property=\"og:image:height\" content=\"1321\" \/>\n\t<meta property=\"og:image:type\" content=\"image\/png\" \/>\n<meta name=\"twitter:card\" content=\"summary_large_image\" \/>\n<meta name=\"twitter:label1\" content=\"Est. reading time\" \/>\n\t<meta name=\"twitter:data1\" content=\"1 minute\" \/>\n<script type=\"application\/ld+json\" class=\"yoast-schema-graph\">{\"@context\":\"https:\\\/\\\/schema.org\",\"@graph\":[{\"@type\":\"WebPage\",\"@id\":\"https:\\\/\\\/guitarradegranada.com\\\/en\\\/product\\\/camps-primera-flamenco-guitar\\\/\",\"url\":\"https:\\\/\\\/guitarradegranada.com\\\/en\\\/product\\\/camps-primera-flamenco-guitar\\\/\",\"name\":\"\u25b7 Camps Primera Flamenco Guitar - LA GUITARRER\u00cdA DE GRANADA%.\",\"isPartOf\":{\"@id\":\"https:\\\/\\\/guitarradegranada.com\\\/en\\\/#website\"},\"primaryImageOfPage\":{\"@id\":\"https:\\\/\\\/guitarradegranada.com\\\/en\\\/product\\\/camps-primera-flamenco-guitar\\\/#primaryimage\"},\"image\":{\"@id\":\"https:\\\/\\\/guitarradegranada.com\\\/en\\\/product\\\/camps-primera-flamenco-guitar\\\/#primaryimage\"},\"thumbnailUrl\":\"https:\\\/\\\/guitarradegranada.com\\\/wp-content\\\/uploads\\\/2020\\\/05\\\/Captura-de-pantalla-2020-05-29-a-las-16.26.18.png\",\"datePublished\":\"2020-05-29T14:40:19+00:00\",\"description\":\"Find here your Camps Primera professional flamenco guitar of high quality. Flamenco sound, elegant and very comfortable. Made in Spain.\",\"breadcrumb\":{\"@id\":\"https:\\\/\\\/guitarradegranada.com\\\/en\\\/product\\\/camps-primera-flamenco-guitar\\\/#breadcrumb\"},\"inLanguage\":\"en-US\",\"potentialAction\":[{\"@type\":\"ReadAction\",\"target\":[\"https:\\\/\\\/guitarradegranada.com\\\/en\\\/product\\\/camps-primera-flamenco-guitar\\\/\"]}]},{\"@type\":\"ImageObject\",\"inLanguage\":\"en-US\",\"@id\":\"https:\\\/\\\/guitarradegranada.com\\\/en\\\/product\\\/camps-primera-flamenco-guitar\\\/#primaryimage\",\"url\":\"https:\\\/\\\/guitarradegranada.com\\\/wp-content\\\/uploads\\\/2020\\\/05\\\/Captura-de-pantalla-2020-05-29-a-las-16.26.18.png\",\"contentUrl\":\"https:\\\/\\\/guitarradegranada.com\\\/wp-content\\\/uploads\\\/2020\\\/05\\\/Captura-de-pantalla-2020-05-29-a-las-16.26.18.png\",\"width\":1477,\"height\":1321,\"caption\":\"guitarra flamenca camps primera\"},{\"@type\":\"BreadcrumbList\",\"@id\":\"https:\\\/\\\/guitarradegranada.com\\\/en\\\/product\\\/camps-primera-flamenco-guitar\\\/#breadcrumb\",\"itemListElement\":[{\"@type\":\"ListItem\",\"position\":1,\"name\":\"Portada\",\"item\":\"https:\\\/\\\/guitarradegranada.com\\\/en\\\/\"},{\"@type\":\"ListItem\",\"position\":2,\"name\":\"Store\",\"item\":\"https:\\\/\\\/guitarradegranada.com\\\/en\\\/store\\\/\"},{\"@type\":\"ListItem\",\"position\":3,\"name\":\"Camps Primera Flamenco Guitar\"}]},{\"@type\":\"WebSite\",\"@id\":\"https:\\\/\\\/guitarradegranada.com\\\/en\\\/#website\",\"url\":\"https:\\\/\\\/guitarradegranada.com\\\/en\\\/\",\"name\":\"LA GUITARRER\u00cdA DE GRANADA\",\"description\":\"La Guitarrer\u00eda de Granada es un taller de lutheria artesano y una tienda d\u00f3nde puedes encontrar guitarras artesanas flamencas, cl\u00e1sicas y todos los accesorios para guitarristas\",\"publisher\":{\"@id\":\"https:\\\/\\\/guitarradegranada.com\\\/en\\\/#organization\"},\"potentialAction\":[{\"@type\":\"SearchAction\",\"target\":{\"@type\":\"EntryPoint\",\"urlTemplate\":\"https:\\\/\\\/guitarradegranada.com\\\/en\\\/?s={search_term_string}\"},\"query-input\":{\"@type\":\"PropertyValueSpecification\",\"valueRequired\":true,\"valueName\":\"search_term_string\"}}],\"inLanguage\":\"en-US\"},{\"@type\":\"Organization\",\"@id\":\"https:\\\/\\\/guitarradegranada.com\\\/en\\\/#organization\",\"name\":\"Guitarra de Granada\",\"url\":\"https:\\\/\\\/guitarradegranada.com\\\/en\\\/\",\"logo\":{\"@type\":\"ImageObject\",\"inLanguage\":\"en-US\",\"@id\":\"https:\\\/\\\/guitarradegranada.com\\\/en\\\/#\\\/schema\\\/logo\\\/image\\\/\",\"url\":\"https:\\\/\\\/guitarradegranada.com\\\/wp-content\\\/uploads\\\/2020\\\/05\\\/Logo-Guitarra-de-Granada.png\",\"contentUrl\":\"https:\\\/\\\/guitarradegranada.com\\\/wp-content\\\/uploads\\\/2020\\\/05\\\/Logo-Guitarra-de-Granada.png\",\"width\":1314,\"height\":219,\"caption\":\"Guitarra de Granada\"},\"image\":{\"@id\":\"https:\\\/\\\/guitarradegranada.com\\\/en\\\/#\\\/schema\\\/logo\\\/image\\\/\"}}]}<\/script>\n<!-- \/ Yoast SEO plugin. -->","yoast_head_json":{"title":"\u25b7 Camps Primera Flamenco Guitar - LA GUITARRER\u00cdA DE GRANADA%.","description":"Find here your Camps Primera professional flamenco guitar of high quality. Flamenco sound, elegant and very comfortable. Made in Spain.","robots":{"index":"index","follow":"follow","max-snippet":"max-snippet:-1","max-image-preview":"max-image-preview:large","max-video-preview":"max-video-preview:-1"},"canonical":"https:\/\/guitarradegranada.com\/en\/product\/camps-primera-flamenco-guitar\/","og_locale":"en_US","og_type":"article","og_title":"\u25b7 Camps Primera Flamenco Guitar - LA GUITARRER\u00cdA DE GRANADA%.","og_description":"Find here your Camps Primera professional flamenco guitar of high quality. Flamenco sound, elegant and very comfortable. Made in Spain.","og_url":"https:\/\/guitarradegranada.com\/en\/product\/camps-primera-flamenco-guitar\/","og_site_name":"LA GUITARRER\u00cdA DE GRANADA","og_image":[{"width":1477,"height":1321,"url":"https:\/\/i0.wp.com\/guitarradegranada.com\/wp-content\/uploads\/2020\/05\/Captura-de-pantalla-2020-05-29-a-las-16.26.18.png?fit=1477%2C1321&ssl=1","type":"image\/png"}],"twitter_card":"summary_large_image","twitter_misc":{"Est. reading time":"1 minute"},"schema":{"@context":"https:\/\/schema.org","@graph":[{"@type":"WebPage","@id":"https:\/\/guitarradegranada.com\/en\/product\/camps-primera-flamenco-guitar\/","url":"https:\/\/guitarradegranada.com\/en\/product\/camps-primera-flamenco-guitar\/","name":"\u25b7 Camps Primera Flamenco Guitar - LA GUITARRER\u00cdA DE GRANADA%.","isPartOf":{"@id":"https:\/\/guitarradegranada.com\/en\/#website"},"primaryImageOfPage":{"@id":"https:\/\/guitarradegranada.com\/en\/product\/camps-primera-flamenco-guitar\/#primaryimage"},"image":{"@id":"https:\/\/guitarradegranada.com\/en\/product\/camps-primera-flamenco-guitar\/#primaryimage"},"thumbnailUrl":"https:\/\/guitarradegranada.com\/wp-content\/uploads\/2020\/05\/Captura-de-pantalla-2020-05-29-a-las-16.26.18.png","datePublished":"2020-05-29T14:40:19+00:00","description":"Find here your Camps Primera professional flamenco guitar of high quality. Flamenco sound, elegant and very comfortable. Made in Spain.","breadcrumb":{"@id":"https:\/\/guitarradegranada.com\/en\/product\/camps-primera-flamenco-guitar\/#breadcrumb"},"inLanguage":"en-US","potentialAction":[{"@type":"ReadAction","target":["https:\/\/guitarradegranada.com\/en\/product\/camps-primera-flamenco-guitar\/"]}]},{"@type":"ImageObject","inLanguage":"en-US","@id":"https:\/\/guitarradegranada.com\/en\/product\/camps-primera-flamenco-guitar\/#primaryimage","url":"https:\/\/guitarradegranada.com\/wp-content\/uploads\/2020\/05\/Captura-de-pantalla-2020-05-29-a-las-16.26.18.png","contentUrl":"https:\/\/guitarradegranada.com\/wp-content\/uploads\/2020\/05\/Captura-de-pantalla-2020-05-29-a-las-16.26.18.png","width":1477,"height":1321,"caption":"guitarra flamenca camps primera"},{"@type":"BreadcrumbList","@id":"https:\/\/guitarradegranada.com\/en\/product\/camps-primera-flamenco-guitar\/#breadcrumb","itemListElement":[{"@type":"ListItem","position":1,"name":"Portada","item":"https:\/\/guitarradegranada.com\/en\/"},{"@type":"ListItem","position":2,"name":"Store","item":"https:\/\/guitarradegranada.com\/en\/store\/"},{"@type":"ListItem","position":3,"name":"Camps Primera Flamenco Guitar"}]},{"@type":"WebSite","@id":"https:\/\/guitarradegranada.com\/en\/#website","url":"https:\/\/guitarradegranada.com\/en\/","name":"LA GUITARRER\u00cdA DE GRANADA","description":"La Guitarrer\u00eda de Granada es un taller de lutheria artesano y una tienda d\u00f3nde puedes encontrar guitarras artesanas flamencas, cl\u00e1sicas y todos los accesorios para guitarristas","publisher":{"@id":"https:\/\/guitarradegranada.com\/en\/#organization"},"potentialAction":[{"@type":"SearchAction","target":{"@type":"EntryPoint","urlTemplate":"https:\/\/guitarradegranada.com\/en\/?s={search_term_string}"},"query-input":{"@type":"PropertyValueSpecification","valueRequired":true,"valueName":"search_term_string"}}],"inLanguage":"en-US"},{"@type":"Organization","@id":"https:\/\/guitarradegranada.com\/en\/#organization","name":"Guitarra de Granada","url":"https:\/\/guitarradegranada.com\/en\/","logo":{"@type":"ImageObject","inLanguage":"en-US","@id":"https:\/\/guitarradegranada.com\/en\/#\/schema\/logo\/image\/","url":"https:\/\/guitarradegranada.com\/wp-content\/uploads\/2020\/05\/Logo-Guitarra-de-Granada.png","contentUrl":"https:\/\/guitarradegranada.com\/wp-content\/uploads\/2020\/05\/Logo-Guitarra-de-Granada.png","width":1314,"height":219,"caption":"Guitarra de Granada"},"image":{"@id":"https:\/\/guitarradegranada.com\/en\/#\/schema\/logo\/image\/"}}]}},"jetpack_publicize_connections":[],"jetpack_sharing_enabled":true,"amp_enabled":true,"_links":{"self":[{"href":"https:\/\/guitarradegranada.com\/en\/wp-json\/wp\/v2\/product\/8291","targetHints":{"allow":["GET"]}}],"collection":[{"href":"https:\/\/guitarradegranada.com\/en\/wp-json\/wp\/v2\/product"}],"about":[{"href":"https:\/\/guitarradegranada.com\/en\/wp-json\/wp\/v2\/types\/product"}],"wp:featuredmedia":[{"embeddable":true,"href":"https:\/\/guitarradegranada.com\/en\/wp-json\/wp\/v2\/media\/1867"}],"wp:attachment":[{"href":"https:\/\/guitarradegranada.com\/en\/wp-json\/wp\/v2\/media?parent=8291"}],"wp:term":[{"taxonomy":"product_brand","embeddable":true,"href":"https:\/\/guitarradegranada.com\/en\/wp-json\/wp\/v2\/product_brand?post=8291"},{"taxonomy":"product_cat","embeddable":true,"href":"https:\/\/guitarradegranada.com\/en\/wp-json\/wp\/v2\/product_cat?post=8291"},{"taxonomy":"product_tag","embeddable":true,"href":"https:\/\/guitarradegranada.com\/en\/wp-json\/wp\/v2\/product_tag?post=8291"}],"curies":[{"name":"wp","href":"https:\/\/api.w.org\/{rel}","templated":true}]}}