{"id":8045,"date":"2020-09-22T22:55:33","date_gmt":"2020-09-22T22:55:33","guid":{"rendered":"https:\/\/guitarradegranada.com\/producto\/ebony-flamenco-capo-with-inlay-5\/"},"modified":"2020-09-22T22:55:33","modified_gmt":"2020-09-22T22:55:33","slug":"ebony-flamenco-capo-with-inlay-5","status":"publish","type":"product","link":"https:\/\/guitarradegranada.com\/en\/product\/ebony-flamenco-capo-with-inlay-5\/","title":{"rendered":"Ebony flamenco capo with inlay"},"content":{"rendered":"<p><span style=\"font-size: 95%\"><strong>Cejilla flamenca handcrafted in African Ebony wood <\/strong><strong>inlaid with inlaid inlaid inlay.<\/strong><\/span><\/p>\n<p><span style=\"font-size: 95%\">The capo is an accessory used to replace the capo made on the frets with the index finger, thus allowing the player to use his finger freely on the guitar. The capo is used to change the key and tone of the strings played in the air on a guitar without the need to tune it differently. <\/span><\/p>\n<p><span style=\"font-size: 95%\">Our handcrafted wooden flamenco capos are built one by one in our guitar workshop in Granada. The traditional construction technique guarantees the high quality of our flamenco capos.  Therefore, our capos maintain a uniform and perfect pressure suitable for the strings.<\/span><\/p>\n<p><span style=\"font-size: 95%\">Decorated with a unique design perfect for guitar or other instrument. It features authentic Grenadian inlay. The peg adapts with great precision to the nut hole. The soft genuine cowhide leather provides special care to avoid scratches and unwanted marks caused by the string on the neck. The string can be replaced very easily, as it is designed to be simple and easy to replace.    <\/span><\/p>\n<p><span style=\"font-size: 95%\">The beautiful shiny and silky finish of the wooden capo is achieved with a soft polishing with natural beeswax.<\/span><\/p>\n<p><span style=\"font-size: 95%\">&#8211;<strong>Dimensions<\/strong>: 61 mm length x 15 mm width x 30 mm height. Portable size, fits perfectly in the instrument case or in a pocket. Light weight 25 g maximum.   Easily held with one hand.<\/span><\/p>\n<p><span style=\"font-size: 95%\">&#8211;<strong>Materials<\/strong>: African ebony wood and sides inlaid with top quality Grenadian inlaid wood. Firm hold and perfect fit to the neck of the instrument without buzzing or scratching.<\/span><\/p>\n<p><span style=\"font-size: 95%\">-Packing<strong>and packaging includes<\/strong>: 1 x Cejilla, 1 x velvet cloth storage pouch, 1 x spare string, 1 x brand sticker, 1 x padded envelope with air bubble.<\/span><\/p>\n<p><span style=\"font-size: 95%\"><strong>*Use for Spanish flamenco guitar, classical guitar, ukulele, guitalele, mandolin, bandurria, charango, banjo, lute.<\/strong><\/span><\/p>\n<p><span style=\"font-size: 95%\">Fast response and support in case of any incidence with the product. Give a touch of personality to your guitar or turn it into an original gift. <\/span><\/p>\n","protected":false},"excerpt":{"rendered":"<p>African Ebony and Grenadian inlaid wood capo of great quality and precision.<\/p>\n","protected":false},"featured_media":3292,"template":"","meta":{"_coblocks_attr":"","_coblocks_dimensions":"","_coblocks_responsive_height":"","_coblocks_accordion_ie_support":"","_crdt_document":"","jetpack_publicize_message":"","jetpack_publicize_feature_enabled":true,"jetpack_social_post_already_shared":true,"jetpack_social_options":{"image_generator_settings":{"template":"highway","default_image_id":0,"font":"","enabled":false},"version":2},"_wpas_customize_per_network":false},"product_brand":[],"product_cat":[50518893,50518894],"product_tag":[50518956,50518936,50518937,50518934,50518955,50518974,50518949],"class_list":{"0":"post-8045","1":"product","2":"type-product","3":"status-publish","4":"has-post-thumbnail","6":"product_cat-handmade-eyebrows","7":"product_cat-inlaid-caps","8":"product_tag-capo","9":"product_tag-capoes","10":"product_tag-flamenco-capos","11":"product_tag-handcrafted-capos","12":"product_tag-inlaid-capos","13":"product_tag-stepfather","14":"product_tag-wooden-capos","15":"product_shipping_class-cejillas-artesanas","17":"first","18":"instock","19":"sale","20":"taxable","21":"shipping-taxable","22":"purchasable","23":"product-type-simple"},"bundled_by":[],"bundle_stock_status":"instock","bundle_stock_quantity":null,"bundle_virtual":false,"bundle_layout":"","bundle_add_to_cart_form_location":"","bundle_editable_in_cart":false,"bundle_sold_individually_context":"","bundle_item_grouping":"","bundle_min_size":"","bundle_max_size":"","bundle_price":[],"bundled_items":[],"bundle_sell_ids":[],"group_of_quantity":0,"min_quantity":0,"max_quantity":"","exclude_order_quantity_value_rules":"no","exclude_category_quantity_rules":"no","combine_variations":"no","exclude_global_add_ons":[],"addons":[],"yoast_head":"<!-- This site is optimized with the Yoast SEO plugin v27.4 - https:\/\/yoast.com\/product\/yoast-seo-wordpress\/ -->\n<title>\u25b7Ebony flamenco capo with inlay% -% LA GUITARRER\u00cdA DE GRANADA%.<\/title>\n<meta name=\"description\" content=\"Flamenco capo made of African ebony and inlaid wood from Granada. Exclusive design made in our workshop in Granada.| \u2708\ufe0f Shipping 24\/48h.\" \/>\n<meta name=\"robots\" content=\"index, follow, max-snippet:-1, max-image-preview:large, max-video-preview:-1\" \/>\n<link rel=\"canonical\" href=\"https:\/\/guitarradegranada.com\/en\/product\/ebony-flamenco-capo-with-inlay-5\/\" \/>\n<meta property=\"og:locale\" content=\"en_US\" \/>\n<meta property=\"og:type\" content=\"article\" \/>\n<meta property=\"og:title\" content=\"\u25b7Ebony flamenco capo with inlay% -% LA GUITARRER\u00cdA DE GRANADA%.\" \/>\n<meta property=\"og:description\" content=\"Flamenco capo made of African ebony and inlaid wood from Granada. Exclusive design made in our workshop in Granada.| \u2708\ufe0f Shipping 24\/48h.\" \/>\n<meta property=\"og:url\" content=\"https:\/\/guitarradegranada.com\/en\/product\/ebony-flamenco-capo-with-inlay-5\/\" \/>\n<meta property=\"og:site_name\" content=\"LA GUITARRER\u00cdA DE GRANADA\" \/>\n<meta property=\"og:image\" content=\"https:\/\/i0.wp.com\/guitarradegranada.com\/wp-content\/uploads\/2020\/09\/Cejillas-flamencas-artesanas1.jpg?fit=1800%2C1350&ssl=1\" \/>\n\t<meta property=\"og:image:width\" content=\"1800\" \/>\n\t<meta property=\"og:image:height\" content=\"1350\" \/>\n\t<meta property=\"og:image:type\" content=\"image\/jpeg\" \/>\n<meta name=\"twitter:card\" content=\"summary_large_image\" \/>\n<meta name=\"twitter:label1\" content=\"Est. reading time\" \/>\n\t<meta name=\"twitter:data1\" content=\"2 minutes\" \/>\n<script type=\"application\/ld+json\" class=\"yoast-schema-graph\">{\"@context\":\"https:\\\/\\\/schema.org\",\"@graph\":[{\"@type\":\"WebPage\",\"@id\":\"https:\\\/\\\/guitarradegranada.com\\\/en\\\/product\\\/ebony-flamenco-capo-with-inlay-5\\\/\",\"url\":\"https:\\\/\\\/guitarradegranada.com\\\/en\\\/product\\\/ebony-flamenco-capo-with-inlay-5\\\/\",\"name\":\"\u25b7Ebony flamenco capo with inlay% -% LA GUITARRER\u00cdA DE GRANADA%.\",\"isPartOf\":{\"@id\":\"https:\\\/\\\/guitarradegranada.com\\\/en\\\/#website\"},\"primaryImageOfPage\":{\"@id\":\"https:\\\/\\\/guitarradegranada.com\\\/en\\\/product\\\/ebony-flamenco-capo-with-inlay-5\\\/#primaryimage\"},\"image\":{\"@id\":\"https:\\\/\\\/guitarradegranada.com\\\/en\\\/product\\\/ebony-flamenco-capo-with-inlay-5\\\/#primaryimage\"},\"thumbnailUrl\":\"https:\\\/\\\/guitarradegranada.com\\\/wp-content\\\/uploads\\\/2020\\\/09\\\/Cejillas-flamencas-artesanas1.jpg\",\"datePublished\":\"2020-09-22T22:55:33+00:00\",\"description\":\"Flamenco capo made of African ebony and inlaid wood from Granada. Exclusive design made in our workshop in Granada.| \u2708\ufe0f Shipping 24\\\/48h.\",\"breadcrumb\":{\"@id\":\"https:\\\/\\\/guitarradegranada.com\\\/en\\\/product\\\/ebony-flamenco-capo-with-inlay-5\\\/#breadcrumb\"},\"inLanguage\":\"en-US\",\"potentialAction\":[{\"@type\":\"ReadAction\",\"target\":[\"https:\\\/\\\/guitarradegranada.com\\\/en\\\/product\\\/ebony-flamenco-capo-with-inlay-5\\\/\"]}]},{\"@type\":\"ImageObject\",\"inLanguage\":\"en-US\",\"@id\":\"https:\\\/\\\/guitarradegranada.com\\\/en\\\/product\\\/ebony-flamenco-capo-with-inlay-5\\\/#primaryimage\",\"url\":\"https:\\\/\\\/guitarradegranada.com\\\/wp-content\\\/uploads\\\/2020\\\/09\\\/Cejillas-flamencas-artesanas1.jpg\",\"contentUrl\":\"https:\\\/\\\/guitarradegranada.com\\\/wp-content\\\/uploads\\\/2020\\\/09\\\/Cejillas-flamencas-artesanas1.jpg\",\"width\":1800,\"height\":1350,\"caption\":\"Handcrafted flamenco capos\"},{\"@type\":\"BreadcrumbList\",\"@id\":\"https:\\\/\\\/guitarradegranada.com\\\/en\\\/product\\\/ebony-flamenco-capo-with-inlay-5\\\/#breadcrumb\",\"itemListElement\":[{\"@type\":\"ListItem\",\"position\":1,\"name\":\"Portada\",\"item\":\"https:\\\/\\\/guitarradegranada.com\\\/en\\\/\"},{\"@type\":\"ListItem\",\"position\":2,\"name\":\"Store\",\"item\":\"https:\\\/\\\/guitarradegranada.com\\\/en\\\/store\\\/\"},{\"@type\":\"ListItem\",\"position\":3,\"name\":\"Ebony flamenco capo with inlay\"}]},{\"@type\":\"WebSite\",\"@id\":\"https:\\\/\\\/guitarradegranada.com\\\/en\\\/#website\",\"url\":\"https:\\\/\\\/guitarradegranada.com\\\/en\\\/\",\"name\":\"LA GUITARRER\u00cdA DE GRANADA\",\"description\":\"La Guitarrer\u00eda de Granada es un taller de lutheria artesano y una tienda d\u00f3nde puedes encontrar guitarras artesanas flamencas, cl\u00e1sicas y todos los accesorios para guitarristas\",\"publisher\":{\"@id\":\"https:\\\/\\\/guitarradegranada.com\\\/en\\\/#organization\"},\"potentialAction\":[{\"@type\":\"SearchAction\",\"target\":{\"@type\":\"EntryPoint\",\"urlTemplate\":\"https:\\\/\\\/guitarradegranada.com\\\/en\\\/?s={search_term_string}\"},\"query-input\":{\"@type\":\"PropertyValueSpecification\",\"valueRequired\":true,\"valueName\":\"search_term_string\"}}],\"inLanguage\":\"en-US\"},{\"@type\":\"Organization\",\"@id\":\"https:\\\/\\\/guitarradegranada.com\\\/en\\\/#organization\",\"name\":\"Guitarra de Granada\",\"url\":\"https:\\\/\\\/guitarradegranada.com\\\/en\\\/\",\"logo\":{\"@type\":\"ImageObject\",\"inLanguage\":\"en-US\",\"@id\":\"https:\\\/\\\/guitarradegranada.com\\\/en\\\/#\\\/schema\\\/logo\\\/image\\\/\",\"url\":\"https:\\\/\\\/guitarradegranada.com\\\/wp-content\\\/uploads\\\/2020\\\/05\\\/Logo-Guitarra-de-Granada.png\",\"contentUrl\":\"https:\\\/\\\/guitarradegranada.com\\\/wp-content\\\/uploads\\\/2020\\\/05\\\/Logo-Guitarra-de-Granada.png\",\"width\":1314,\"height\":219,\"caption\":\"Guitarra de Granada\"},\"image\":{\"@id\":\"https:\\\/\\\/guitarradegranada.com\\\/en\\\/#\\\/schema\\\/logo\\\/image\\\/\"}}]}<\/script>\n<!-- \/ Yoast SEO plugin. -->","yoast_head_json":{"title":"\u25b7Ebony flamenco capo with inlay% -% LA GUITARRER\u00cdA DE GRANADA%.","description":"Flamenco capo made of African ebony and inlaid wood from Granada. Exclusive design made in our workshop in Granada.| \u2708\ufe0f Shipping 24\/48h.","robots":{"index":"index","follow":"follow","max-snippet":"max-snippet:-1","max-image-preview":"max-image-preview:large","max-video-preview":"max-video-preview:-1"},"canonical":"https:\/\/guitarradegranada.com\/en\/product\/ebony-flamenco-capo-with-inlay-5\/","og_locale":"en_US","og_type":"article","og_title":"\u25b7Ebony flamenco capo with inlay% -% LA GUITARRER\u00cdA DE GRANADA%.","og_description":"Flamenco capo made of African ebony and inlaid wood from Granada. Exclusive design made in our workshop in Granada.| \u2708\ufe0f Shipping 24\/48h.","og_url":"https:\/\/guitarradegranada.com\/en\/product\/ebony-flamenco-capo-with-inlay-5\/","og_site_name":"LA GUITARRER\u00cdA DE GRANADA","og_image":[{"width":1800,"height":1350,"url":"https:\/\/i0.wp.com\/guitarradegranada.com\/wp-content\/uploads\/2020\/09\/Cejillas-flamencas-artesanas1.jpg?fit=1800%2C1350&ssl=1","type":"image\/jpeg"}],"twitter_card":"summary_large_image","twitter_misc":{"Est. reading time":"2 minutes"},"schema":{"@context":"https:\/\/schema.org","@graph":[{"@type":"WebPage","@id":"https:\/\/guitarradegranada.com\/en\/product\/ebony-flamenco-capo-with-inlay-5\/","url":"https:\/\/guitarradegranada.com\/en\/product\/ebony-flamenco-capo-with-inlay-5\/","name":"\u25b7Ebony flamenco capo with inlay% -% LA GUITARRER\u00cdA DE GRANADA%.","isPartOf":{"@id":"https:\/\/guitarradegranada.com\/en\/#website"},"primaryImageOfPage":{"@id":"https:\/\/guitarradegranada.com\/en\/product\/ebony-flamenco-capo-with-inlay-5\/#primaryimage"},"image":{"@id":"https:\/\/guitarradegranada.com\/en\/product\/ebony-flamenco-capo-with-inlay-5\/#primaryimage"},"thumbnailUrl":"https:\/\/guitarradegranada.com\/wp-content\/uploads\/2020\/09\/Cejillas-flamencas-artesanas1.jpg","datePublished":"2020-09-22T22:55:33+00:00","description":"Flamenco capo made of African ebony and inlaid wood from Granada. Exclusive design made in our workshop in Granada.| \u2708\ufe0f Shipping 24\/48h.","breadcrumb":{"@id":"https:\/\/guitarradegranada.com\/en\/product\/ebony-flamenco-capo-with-inlay-5\/#breadcrumb"},"inLanguage":"en-US","potentialAction":[{"@type":"ReadAction","target":["https:\/\/guitarradegranada.com\/en\/product\/ebony-flamenco-capo-with-inlay-5\/"]}]},{"@type":"ImageObject","inLanguage":"en-US","@id":"https:\/\/guitarradegranada.com\/en\/product\/ebony-flamenco-capo-with-inlay-5\/#primaryimage","url":"https:\/\/guitarradegranada.com\/wp-content\/uploads\/2020\/09\/Cejillas-flamencas-artesanas1.jpg","contentUrl":"https:\/\/guitarradegranada.com\/wp-content\/uploads\/2020\/09\/Cejillas-flamencas-artesanas1.jpg","width":1800,"height":1350,"caption":"Handcrafted flamenco capos"},{"@type":"BreadcrumbList","@id":"https:\/\/guitarradegranada.com\/en\/product\/ebony-flamenco-capo-with-inlay-5\/#breadcrumb","itemListElement":[{"@type":"ListItem","position":1,"name":"Portada","item":"https:\/\/guitarradegranada.com\/en\/"},{"@type":"ListItem","position":2,"name":"Store","item":"https:\/\/guitarradegranada.com\/en\/store\/"},{"@type":"ListItem","position":3,"name":"Ebony flamenco capo with inlay"}]},{"@type":"WebSite","@id":"https:\/\/guitarradegranada.com\/en\/#website","url":"https:\/\/guitarradegranada.com\/en\/","name":"LA GUITARRER\u00cdA DE GRANADA","description":"La Guitarrer\u00eda de Granada es un taller de lutheria artesano y una tienda d\u00f3nde puedes encontrar guitarras artesanas flamencas, cl\u00e1sicas y todos los accesorios para guitarristas","publisher":{"@id":"https:\/\/guitarradegranada.com\/en\/#organization"},"potentialAction":[{"@type":"SearchAction","target":{"@type":"EntryPoint","urlTemplate":"https:\/\/guitarradegranada.com\/en\/?s={search_term_string}"},"query-input":{"@type":"PropertyValueSpecification","valueRequired":true,"valueName":"search_term_string"}}],"inLanguage":"en-US"},{"@type":"Organization","@id":"https:\/\/guitarradegranada.com\/en\/#organization","name":"Guitarra de Granada","url":"https:\/\/guitarradegranada.com\/en\/","logo":{"@type":"ImageObject","inLanguage":"en-US","@id":"https:\/\/guitarradegranada.com\/en\/#\/schema\/logo\/image\/","url":"https:\/\/guitarradegranada.com\/wp-content\/uploads\/2020\/05\/Logo-Guitarra-de-Granada.png","contentUrl":"https:\/\/guitarradegranada.com\/wp-content\/uploads\/2020\/05\/Logo-Guitarra-de-Granada.png","width":1314,"height":219,"caption":"Guitarra de Granada"},"image":{"@id":"https:\/\/guitarradegranada.com\/en\/#\/schema\/logo\/image\/"}}]}},"jetpack_publicize_connections":[],"jetpack_sharing_enabled":true,"amp_enabled":true,"_links":{"self":[{"href":"https:\/\/guitarradegranada.com\/en\/wp-json\/wp\/v2\/product\/8045","targetHints":{"allow":["GET"]}}],"collection":[{"href":"https:\/\/guitarradegranada.com\/en\/wp-json\/wp\/v2\/product"}],"about":[{"href":"https:\/\/guitarradegranada.com\/en\/wp-json\/wp\/v2\/types\/product"}],"wp:featuredmedia":[{"embeddable":true,"href":"https:\/\/guitarradegranada.com\/en\/wp-json\/wp\/v2\/media\/3292"}],"wp:attachment":[{"href":"https:\/\/guitarradegranada.com\/en\/wp-json\/wp\/v2\/media?parent=8045"}],"wp:term":[{"taxonomy":"product_brand","embeddable":true,"href":"https:\/\/guitarradegranada.com\/en\/wp-json\/wp\/v2\/product_brand?post=8045"},{"taxonomy":"product_cat","embeddable":true,"href":"https:\/\/guitarradegranada.com\/en\/wp-json\/wp\/v2\/product_cat?post=8045"},{"taxonomy":"product_tag","embeddable":true,"href":"https:\/\/guitarradegranada.com\/en\/wp-json\/wp\/v2\/product_tag?post=8045"}],"curies":[{"name":"wp","href":"https:\/\/api.w.org\/{rel}","templated":true}]}}