{"id":7760,"date":"2020-12-15T19:14:13","date_gmt":"2020-12-15T19:14:13","guid":{"rendered":"https:\/\/guitarradegranada.com\/producto\/cejilla-flamenca-handcrafted-flamenco-capo-made-of-palo-violeta-with-taracea\/"},"modified":"2020-12-15T19:14:13","modified_gmt":"2020-12-15T19:14:13","slug":"cejilla-flamenca-handcrafted-flamenco-capo-made-of-palo-violeta-with-taracea","status":"publish","type":"product","link":"https:\/\/guitarradegranada.com\/en\/product\/cejilla-flamenca-handcrafted-flamenco-capo-made-of-palo-violeta-with-taracea\/","title":{"rendered":"Cejilla flamenca handcrafted flamenco capo made of Palo Violeta with Taracea"},"content":{"rendered":"<p><strong>Cejilla flamenca handcrafted flamenco capo made of Palo Violeta wood <\/strong><strong>inlaid with Taracea.<\/strong><\/p>\n<p>The capo is an accessory used to replace the capo made on the frets with the index finger, thus allowing the player to use his finger freely on the guitar. The capo is used to change the key and tone of the strings played in the air on a guitar without the need to tune it differently. <\/p>\n<p>Our handcrafted wooden flamenco capos are built one by one in our guitar workshop in Granada. The traditional construction technique guarantees the high quality of our flamenco capos.  Therefore, our capos maintain a uniform and perfect pressure suitable for the strings.<\/p>\n<p>Decorated with a unique design perfect for guitar or other instrument. It features authentic Grenadian inlay. The peg adapts with great precision to the nut hole. The soft genuine cowhide leather provides special care to avoid scratches and unwanted marks caused by the string on the neck. The string can be replaced very easily, as it is designed to be simple and easy to replace.    <\/p>\n<p>The beautiful shiny and silky finish of the wooden capo is achieved with a soft polishing with natural beeswax.<\/p>\n<p>&#8211;<strong>Dimensions<\/strong>: 61 mm length x 15 mm width x 30 mm height. Portable size, fits perfectly in the instrument case or in a pocket. Light weight 25 g maximum.   Easily held with one hand.<\/p>\n<p>&#8211;<strong>Materials<\/strong>: Palo Violeta wood and sides inlaid with top quality Grenadian inlaid wood. Firm hold and perfect fit to the neck of the instrument without buzzing or scratching.<\/p>\n<p>-Packing<strong>and packaging includes<\/strong>: 1 x Cejilla, 1 x velvet cloth storage pouch, 1 x spare string, 1 x brand sticker, 1 x padded envelope with air bubble.<\/p>\n<p><strong>*Use for Spanish flamenco guitar, classical guitar, ukulele, guitalele, mandolin, bandurria, charango, banjo, lute.<\/strong><\/p>\n<p>Fast response and support in case of any incidence with the product. Give a touch of personality to your guitar or turn it into an original gift. <\/p>\n","protected":false},"excerpt":{"rendered":"<p>Cejilla handmade of Palo Violeta and Granadian Taracea. Great quality and precision. <\/p>\n","protected":false},"featured_media":3708,"template":"","meta":{"_coblocks_attr":"","_coblocks_dimensions":"","_coblocks_responsive_height":"","_coblocks_accordion_ie_support":"","_crdt_document":"","jetpack_publicize_message":"","jetpack_publicize_feature_enabled":true,"jetpack_social_post_already_shared":true,"jetpack_social_options":{"image_generator_settings":{"template":"highway","default_image_id":0,"font":"","enabled":false},"version":2},"_wpas_customize_per_network":false},"product_brand":[],"product_cat":[50518893,50518894],"product_tag":[50518937,50518949],"class_list":{"0":"post-7760","1":"product","2":"type-product","3":"status-publish","4":"has-post-thumbnail","6":"product_cat-handmade-eyebrows","7":"product_cat-inlaid-caps","8":"product_tag-flamenco-capos","9":"product_tag-wooden-capos","10":"product_shipping_class-cejillas-artesanas","12":"first","13":"outofstock","14":"sale","15":"taxable","16":"shipping-taxable","17":"purchasable","18":"product-type-simple"},"bundled_by":[],"bundle_stock_status":"outofstock","bundle_stock_quantity":0,"bundle_virtual":false,"bundle_layout":"","bundle_add_to_cart_form_location":"","bundle_editable_in_cart":false,"bundle_sold_individually_context":"","bundle_item_grouping":"","bundle_min_size":"","bundle_max_size":"","bundle_price":[],"bundled_items":[],"bundle_sell_ids":[],"group_of_quantity":0,"min_quantity":0,"max_quantity":"","exclude_order_quantity_value_rules":"no","exclude_category_quantity_rules":"no","combine_variations":"no","exclude_global_add_ons":[],"addons":[],"yoast_head":"<!-- This site is optimized with the Yoast SEO plugin v27.4 - https:\/\/yoast.com\/product\/yoast-seo-wordpress\/ -->\n<title>\u25b7Cejilla flamenca handcrafted flamenco capo made of Palo Violeta with Taracea% -% LA GUITARRER\u00cdA DE GRANADA%.<\/title>\n<meta name=\"description\" content=\"Cejilla flamenca handcrafted flamenco capo with Taracea granadina and Palo Violeta. Exclusive design made in our workshop in Granada. | \u2708\ufe0f Shipping 24\/48h.\" \/>\n<meta name=\"robots\" content=\"index, follow, max-snippet:-1, max-image-preview:large, max-video-preview:-1\" \/>\n<link rel=\"canonical\" href=\"https:\/\/guitarradegranada.com\/en\/product\/cejilla-flamenca-handcrafted-flamenco-capo-made-of-palo-violeta-with-taracea\/\" \/>\n<meta property=\"og:locale\" content=\"en_US\" \/>\n<meta property=\"og:type\" content=\"article\" \/>\n<meta property=\"og:title\" content=\"\u25b7Cejilla flamenca handcrafted flamenco capo made of Palo Violeta with Taracea% -% LA GUITARRER\u00cdA DE GRANADA%.\" \/>\n<meta property=\"og:description\" content=\"Cejilla flamenca handcrafted flamenco capo with Taracea granadina and Palo Violeta. Exclusive design made in our workshop in Granada. | \u2708\ufe0f Shipping 24\/48h.\" \/>\n<meta property=\"og:url\" content=\"https:\/\/guitarradegranada.com\/en\/product\/cejilla-flamenca-handcrafted-flamenco-capo-made-of-palo-violeta-with-taracea\/\" \/>\n<meta property=\"og:site_name\" content=\"LA GUITARRER\u00cdA DE GRANADA\" \/>\n<meta property=\"og:image\" content=\"https:\/\/i0.wp.com\/guitarradegranada.com\/wp-content\/uploads\/2020\/12\/Cejilla-taracea-26.jpg?fit=1152%2C864&ssl=1\" \/>\n\t<meta property=\"og:image:width\" content=\"1152\" \/>\n\t<meta property=\"og:image:height\" content=\"864\" \/>\n\t<meta property=\"og:image:type\" content=\"image\/jpeg\" \/>\n<meta name=\"twitter:card\" content=\"summary_large_image\" \/>\n<meta name=\"twitter:label1\" content=\"Est. reading time\" \/>\n\t<meta name=\"twitter:data1\" content=\"2 minutes\" \/>\n<script type=\"application\/ld+json\" class=\"yoast-schema-graph\">{\"@context\":\"https:\\\/\\\/schema.org\",\"@graph\":[{\"@type\":\"WebPage\",\"@id\":\"https:\\\/\\\/guitarradegranada.com\\\/en\\\/product\\\/cejilla-flamenca-handcrafted-flamenco-capo-made-of-palo-violeta-with-taracea\\\/\",\"url\":\"https:\\\/\\\/guitarradegranada.com\\\/en\\\/product\\\/cejilla-flamenca-handcrafted-flamenco-capo-made-of-palo-violeta-with-taracea\\\/\",\"name\":\"\u25b7Cejilla flamenca handcrafted flamenco capo made of Palo Violeta with Taracea% -% LA GUITARRER\u00cdA DE GRANADA%.\",\"isPartOf\":{\"@id\":\"https:\\\/\\\/guitarradegranada.com\\\/en\\\/#website\"},\"primaryImageOfPage\":{\"@id\":\"https:\\\/\\\/guitarradegranada.com\\\/en\\\/product\\\/cejilla-flamenca-handcrafted-flamenco-capo-made-of-palo-violeta-with-taracea\\\/#primaryimage\"},\"image\":{\"@id\":\"https:\\\/\\\/guitarradegranada.com\\\/en\\\/product\\\/cejilla-flamenca-handcrafted-flamenco-capo-made-of-palo-violeta-with-taracea\\\/#primaryimage\"},\"thumbnailUrl\":\"https:\\\/\\\/guitarradegranada.com\\\/wp-content\\\/uploads\\\/2020\\\/12\\\/Cejilla-taracea-26.jpg\",\"datePublished\":\"2020-12-15T19:14:13+00:00\",\"description\":\"Cejilla flamenca handcrafted flamenco capo with Taracea granadina and Palo Violeta. Exclusive design made in our workshop in Granada. | \u2708\ufe0f Shipping 24\\\/48h.\",\"breadcrumb\":{\"@id\":\"https:\\\/\\\/guitarradegranada.com\\\/en\\\/product\\\/cejilla-flamenca-handcrafted-flamenco-capo-made-of-palo-violeta-with-taracea\\\/#breadcrumb\"},\"inLanguage\":\"en-US\",\"potentialAction\":[{\"@type\":\"ReadAction\",\"target\":[\"https:\\\/\\\/guitarradegranada.com\\\/en\\\/product\\\/cejilla-flamenca-handcrafted-flamenco-capo-made-of-palo-violeta-with-taracea\\\/\"]}]},{\"@type\":\"ImageObject\",\"inLanguage\":\"en-US\",\"@id\":\"https:\\\/\\\/guitarradegranada.com\\\/en\\\/product\\\/cejilla-flamenca-handcrafted-flamenco-capo-made-of-palo-violeta-with-taracea\\\/#primaryimage\",\"url\":\"https:\\\/\\\/guitarradegranada.com\\\/wp-content\\\/uploads\\\/2020\\\/12\\\/Cejilla-taracea-26.jpg\",\"contentUrl\":\"https:\\\/\\\/guitarradegranada.com\\\/wp-content\\\/uploads\\\/2020\\\/12\\\/Cejilla-taracea-26.jpg\",\"width\":1152,\"height\":864,\"caption\":\"Cejilla flamenca with inlay\"},{\"@type\":\"BreadcrumbList\",\"@id\":\"https:\\\/\\\/guitarradegranada.com\\\/en\\\/product\\\/cejilla-flamenca-handcrafted-flamenco-capo-made-of-palo-violeta-with-taracea\\\/#breadcrumb\",\"itemListElement\":[{\"@type\":\"ListItem\",\"position\":1,\"name\":\"Portada\",\"item\":\"https:\\\/\\\/guitarradegranada.com\\\/en\\\/\"},{\"@type\":\"ListItem\",\"position\":2,\"name\":\"Store\",\"item\":\"https:\\\/\\\/guitarradegranada.com\\\/en\\\/store\\\/\"},{\"@type\":\"ListItem\",\"position\":3,\"name\":\"Cejilla flamenca handcrafted flamenco capo made of Palo Violeta with Taracea\"}]},{\"@type\":\"WebSite\",\"@id\":\"https:\\\/\\\/guitarradegranada.com\\\/en\\\/#website\",\"url\":\"https:\\\/\\\/guitarradegranada.com\\\/en\\\/\",\"name\":\"LA GUITARRER\u00cdA DE GRANADA\",\"description\":\"La Guitarrer\u00eda de Granada es un taller de lutheria artesano y una tienda d\u00f3nde puedes encontrar guitarras artesanas flamencas, cl\u00e1sicas y todos los accesorios para guitarristas\",\"publisher\":{\"@id\":\"https:\\\/\\\/guitarradegranada.com\\\/en\\\/#organization\"},\"potentialAction\":[{\"@type\":\"SearchAction\",\"target\":{\"@type\":\"EntryPoint\",\"urlTemplate\":\"https:\\\/\\\/guitarradegranada.com\\\/en\\\/?s={search_term_string}\"},\"query-input\":{\"@type\":\"PropertyValueSpecification\",\"valueRequired\":true,\"valueName\":\"search_term_string\"}}],\"inLanguage\":\"en-US\"},{\"@type\":\"Organization\",\"@id\":\"https:\\\/\\\/guitarradegranada.com\\\/en\\\/#organization\",\"name\":\"Guitarra de Granada\",\"url\":\"https:\\\/\\\/guitarradegranada.com\\\/en\\\/\",\"logo\":{\"@type\":\"ImageObject\",\"inLanguage\":\"en-US\",\"@id\":\"https:\\\/\\\/guitarradegranada.com\\\/en\\\/#\\\/schema\\\/logo\\\/image\\\/\",\"url\":\"https:\\\/\\\/guitarradegranada.com\\\/wp-content\\\/uploads\\\/2020\\\/05\\\/Logo-Guitarra-de-Granada.png\",\"contentUrl\":\"https:\\\/\\\/guitarradegranada.com\\\/wp-content\\\/uploads\\\/2020\\\/05\\\/Logo-Guitarra-de-Granada.png\",\"width\":1314,\"height\":219,\"caption\":\"Guitarra de Granada\"},\"image\":{\"@id\":\"https:\\\/\\\/guitarradegranada.com\\\/en\\\/#\\\/schema\\\/logo\\\/image\\\/\"}}]}<\/script>\n<!-- \/ Yoast SEO plugin. -->","yoast_head_json":{"title":"\u25b7Cejilla flamenca handcrafted flamenco capo made of Palo Violeta with Taracea% -% LA GUITARRER\u00cdA DE GRANADA%.","description":"Cejilla flamenca handcrafted flamenco capo with Taracea granadina and Palo Violeta. Exclusive design made in our workshop in Granada. | \u2708\ufe0f Shipping 24\/48h.","robots":{"index":"index","follow":"follow","max-snippet":"max-snippet:-1","max-image-preview":"max-image-preview:large","max-video-preview":"max-video-preview:-1"},"canonical":"https:\/\/guitarradegranada.com\/en\/product\/cejilla-flamenca-handcrafted-flamenco-capo-made-of-palo-violeta-with-taracea\/","og_locale":"en_US","og_type":"article","og_title":"\u25b7Cejilla flamenca handcrafted flamenco capo made of Palo Violeta with Taracea% -% LA GUITARRER\u00cdA DE GRANADA%.","og_description":"Cejilla flamenca handcrafted flamenco capo with Taracea granadina and Palo Violeta. Exclusive design made in our workshop in Granada. | \u2708\ufe0f Shipping 24\/48h.","og_url":"https:\/\/guitarradegranada.com\/en\/product\/cejilla-flamenca-handcrafted-flamenco-capo-made-of-palo-violeta-with-taracea\/","og_site_name":"LA GUITARRER\u00cdA DE GRANADA","og_image":[{"width":1152,"height":864,"url":"https:\/\/i0.wp.com\/guitarradegranada.com\/wp-content\/uploads\/2020\/12\/Cejilla-taracea-26.jpg?fit=1152%2C864&ssl=1","type":"image\/jpeg"}],"twitter_card":"summary_large_image","twitter_misc":{"Est. reading time":"2 minutes"},"schema":{"@context":"https:\/\/schema.org","@graph":[{"@type":"WebPage","@id":"https:\/\/guitarradegranada.com\/en\/product\/cejilla-flamenca-handcrafted-flamenco-capo-made-of-palo-violeta-with-taracea\/","url":"https:\/\/guitarradegranada.com\/en\/product\/cejilla-flamenca-handcrafted-flamenco-capo-made-of-palo-violeta-with-taracea\/","name":"\u25b7Cejilla flamenca handcrafted flamenco capo made of Palo Violeta with Taracea% -% LA GUITARRER\u00cdA DE GRANADA%.","isPartOf":{"@id":"https:\/\/guitarradegranada.com\/en\/#website"},"primaryImageOfPage":{"@id":"https:\/\/guitarradegranada.com\/en\/product\/cejilla-flamenca-handcrafted-flamenco-capo-made-of-palo-violeta-with-taracea\/#primaryimage"},"image":{"@id":"https:\/\/guitarradegranada.com\/en\/product\/cejilla-flamenca-handcrafted-flamenco-capo-made-of-palo-violeta-with-taracea\/#primaryimage"},"thumbnailUrl":"https:\/\/guitarradegranada.com\/wp-content\/uploads\/2020\/12\/Cejilla-taracea-26.jpg","datePublished":"2020-12-15T19:14:13+00:00","description":"Cejilla flamenca handcrafted flamenco capo with Taracea granadina and Palo Violeta. Exclusive design made in our workshop in Granada. | \u2708\ufe0f Shipping 24\/48h.","breadcrumb":{"@id":"https:\/\/guitarradegranada.com\/en\/product\/cejilla-flamenca-handcrafted-flamenco-capo-made-of-palo-violeta-with-taracea\/#breadcrumb"},"inLanguage":"en-US","potentialAction":[{"@type":"ReadAction","target":["https:\/\/guitarradegranada.com\/en\/product\/cejilla-flamenca-handcrafted-flamenco-capo-made-of-palo-violeta-with-taracea\/"]}]},{"@type":"ImageObject","inLanguage":"en-US","@id":"https:\/\/guitarradegranada.com\/en\/product\/cejilla-flamenca-handcrafted-flamenco-capo-made-of-palo-violeta-with-taracea\/#primaryimage","url":"https:\/\/guitarradegranada.com\/wp-content\/uploads\/2020\/12\/Cejilla-taracea-26.jpg","contentUrl":"https:\/\/guitarradegranada.com\/wp-content\/uploads\/2020\/12\/Cejilla-taracea-26.jpg","width":1152,"height":864,"caption":"Cejilla flamenca with inlay"},{"@type":"BreadcrumbList","@id":"https:\/\/guitarradegranada.com\/en\/product\/cejilla-flamenca-handcrafted-flamenco-capo-made-of-palo-violeta-with-taracea\/#breadcrumb","itemListElement":[{"@type":"ListItem","position":1,"name":"Portada","item":"https:\/\/guitarradegranada.com\/en\/"},{"@type":"ListItem","position":2,"name":"Store","item":"https:\/\/guitarradegranada.com\/en\/store\/"},{"@type":"ListItem","position":3,"name":"Cejilla flamenca handcrafted flamenco capo made of Palo Violeta with Taracea"}]},{"@type":"WebSite","@id":"https:\/\/guitarradegranada.com\/en\/#website","url":"https:\/\/guitarradegranada.com\/en\/","name":"LA GUITARRER\u00cdA DE GRANADA","description":"La Guitarrer\u00eda de Granada es un taller de lutheria artesano y una tienda d\u00f3nde puedes encontrar guitarras artesanas flamencas, cl\u00e1sicas y todos los accesorios para guitarristas","publisher":{"@id":"https:\/\/guitarradegranada.com\/en\/#organization"},"potentialAction":[{"@type":"SearchAction","target":{"@type":"EntryPoint","urlTemplate":"https:\/\/guitarradegranada.com\/en\/?s={search_term_string}"},"query-input":{"@type":"PropertyValueSpecification","valueRequired":true,"valueName":"search_term_string"}}],"inLanguage":"en-US"},{"@type":"Organization","@id":"https:\/\/guitarradegranada.com\/en\/#organization","name":"Guitarra de Granada","url":"https:\/\/guitarradegranada.com\/en\/","logo":{"@type":"ImageObject","inLanguage":"en-US","@id":"https:\/\/guitarradegranada.com\/en\/#\/schema\/logo\/image\/","url":"https:\/\/guitarradegranada.com\/wp-content\/uploads\/2020\/05\/Logo-Guitarra-de-Granada.png","contentUrl":"https:\/\/guitarradegranada.com\/wp-content\/uploads\/2020\/05\/Logo-Guitarra-de-Granada.png","width":1314,"height":219,"caption":"Guitarra de Granada"},"image":{"@id":"https:\/\/guitarradegranada.com\/en\/#\/schema\/logo\/image\/"}}]}},"jetpack_publicize_connections":[],"jetpack_sharing_enabled":true,"amp_enabled":true,"_links":{"self":[{"href":"https:\/\/guitarradegranada.com\/en\/wp-json\/wp\/v2\/product\/7760","targetHints":{"allow":["GET"]}}],"collection":[{"href":"https:\/\/guitarradegranada.com\/en\/wp-json\/wp\/v2\/product"}],"about":[{"href":"https:\/\/guitarradegranada.com\/en\/wp-json\/wp\/v2\/types\/product"}],"wp:featuredmedia":[{"embeddable":true,"href":"https:\/\/guitarradegranada.com\/en\/wp-json\/wp\/v2\/media\/3708"}],"wp:attachment":[{"href":"https:\/\/guitarradegranada.com\/en\/wp-json\/wp\/v2\/media?parent=7760"}],"wp:term":[{"taxonomy":"product_brand","embeddable":true,"href":"https:\/\/guitarradegranada.com\/en\/wp-json\/wp\/v2\/product_brand?post=7760"},{"taxonomy":"product_cat","embeddable":true,"href":"https:\/\/guitarradegranada.com\/en\/wp-json\/wp\/v2\/product_cat?post=7760"},{"taxonomy":"product_tag","embeddable":true,"href":"https:\/\/guitarradegranada.com\/en\/wp-json\/wp\/v2\/product_tag?post=7760"}],"curies":[{"name":"wp","href":"https:\/\/api.w.org\/{rel}","templated":true}]}}