{"id":7738,"date":"2020-12-18T14:10:23","date_gmt":"2020-12-18T14:10:23","guid":{"rendered":"https:\/\/guitarradegranada.com\/producto\/ebony-flamenco-capo-with-inlay\/"},"modified":"2026-03-23T16:02:19","modified_gmt":"2026-03-23T16:02:19","slug":"ebony-flamenco-capo-with-inlay","status":"publish","type":"product","link":"https:\/\/guitarradegranada.com\/en\/product\/ebony-flamenco-capo-with-inlay\/","title":{"rendered":"Ebony Flamenco Capo with Inlay"},"content":{"rendered":"<p><strong>Cejilla flamenca handcrafted flamenco capo made of special African ebony wood <\/strong><strong>inlaid with inlaid Taracea.<\/strong><\/p>\n<p>Exclusive and unique design, built in our artisan workshop in Granada. The traditional way of construction and high quality guarantee our flamenco capos. <\/p>\n<p>Decorated with authentic Grenadian inlay. The pin adapts with great precision to the hole. <\/p>\n<p>The soft leather provides special care to avoid scratches and unwanted string marks on the neck.<\/p>\n<p>The rope can be replaced very easily if it breaks, as it is designed to be simple and easy to change.<\/p>\n<p>The beautiful shiny and silky finish of the wooden capo is achieved with a soft polishing with natural beeswax.<\/p>\n<p>Each capo is unique, colors and decorations may vary.<\/p>\n<p>Valid for flamenco and classical guitars.<\/p>\n","protected":false},"excerpt":{"rendered":"<p>African Ebony and Grenadian inlaid wood capo of great quality and precision.<\/p>\n","protected":false},"featured_media":3745,"template":"","meta":{"_coblocks_attr":"","_coblocks_dimensions":"","_coblocks_responsive_height":"","_coblocks_accordion_ie_support":"","_crdt_document":"","jetpack_publicize_message":"","jetpack_publicize_feature_enabled":true,"jetpack_social_post_already_shared":true,"jetpack_social_options":{"image_generator_settings":{"template":"highway","default_image_id":0,"font":"","enabled":false},"version":2},"_wpas_customize_per_network":false},"product_brand":[],"product_cat":[50518893,50518894],"product_tag":[50518937,50518934,50518955,50518949],"class_list":{"0":"post-7738","1":"product","2":"type-product","3":"status-publish","4":"has-post-thumbnail","6":"product_cat-handmade-eyebrows","7":"product_cat-inlaid-caps","8":"product_tag-flamenco-capos","9":"product_tag-handcrafted-capos","10":"product_tag-inlaid-capos","11":"product_tag-wooden-capos","12":"product_shipping_class-cejillas-artesanas","14":"first","15":"instock","16":"sale","17":"taxable","18":"shipping-taxable","19":"purchasable","20":"product-type-simple"},"bundled_by":[],"bundle_stock_status":"instock","bundle_stock_quantity":null,"bundle_virtual":false,"bundle_layout":"","bundle_add_to_cart_form_location":"","bundle_editable_in_cart":false,"bundle_sold_individually_context":"","bundle_item_grouping":"","bundle_min_size":"","bundle_max_size":"","bundle_price":[],"bundled_items":[],"bundle_sell_ids":[],"group_of_quantity":0,"min_quantity":0,"max_quantity":"","exclude_order_quantity_value_rules":"no","exclude_category_quantity_rules":"no","combine_variations":"no","exclude_global_add_ons":[],"addons":[],"yoast_head":"<!-- This site is optimized with the Yoast SEO plugin v27.4 - https:\/\/yoast.com\/product\/yoast-seo-wordpress\/ -->\n<title>\u25b7Ebony Flamenco Capo with Inlay% -% LA GUITARRER\u00cdA DE GRANADA%.<\/title>\n<meta name=\"description\" content=\"Flamenco capo made of African Ebony with Grenadian inlay. Exclusive design made in our workshop in Granada. | \u2708\ufe0f Shipping 24\/48h.\" \/>\n<meta name=\"robots\" content=\"index, follow, max-snippet:-1, max-image-preview:large, max-video-preview:-1\" \/>\n<link rel=\"canonical\" href=\"https:\/\/guitarradegranada.com\/en\/product\/ebony-flamenco-capo-with-inlay\/\" \/>\n<meta property=\"og:locale\" content=\"en_US\" \/>\n<meta property=\"og:type\" content=\"article\" \/>\n<meta property=\"og:title\" content=\"\u25b7Ebony Flamenco Capo with Inlay% -% LA GUITARRER\u00cdA DE GRANADA%.\" \/>\n<meta property=\"og:description\" content=\"Flamenco capo made of African Ebony with Grenadian inlay. Exclusive design made in our workshop in Granada. | \u2708\ufe0f Shipping 24\/48h.\" \/>\n<meta property=\"og:url\" content=\"https:\/\/guitarradegranada.com\/en\/product\/ebony-flamenco-capo-with-inlay\/\" \/>\n<meta property=\"og:site_name\" content=\"LA GUITARRER\u00cdA DE GRANADA\" \/>\n<meta property=\"article:modified_time\" content=\"2026-03-23T16:02:19+00:00\" \/>\n<meta property=\"og:image\" content=\"https:\/\/i0.wp.com\/guitarradegranada.com\/wp-content\/uploads\/2020\/12\/cejilla-flamenca-23.jpg?fit=1152%2C864&ssl=1\" \/>\n\t<meta property=\"og:image:width\" content=\"1152\" \/>\n\t<meta property=\"og:image:height\" content=\"864\" \/>\n\t<meta property=\"og:image:type\" content=\"image\/jpeg\" \/>\n<meta name=\"twitter:card\" content=\"summary_large_image\" \/>\n<meta name=\"twitter:label1\" content=\"Est. reading time\" \/>\n\t<meta name=\"twitter:data1\" content=\"1 minute\" \/>\n<script type=\"application\/ld+json\" class=\"yoast-schema-graph\">{\"@context\":\"https:\\\/\\\/schema.org\",\"@graph\":[{\"@type\":\"WebPage\",\"@id\":\"https:\\\/\\\/guitarradegranada.com\\\/en\\\/product\\\/ebony-flamenco-capo-with-inlay\\\/\",\"url\":\"https:\\\/\\\/guitarradegranada.com\\\/en\\\/product\\\/ebony-flamenco-capo-with-inlay\\\/\",\"name\":\"\u25b7Ebony Flamenco Capo with Inlay% -% LA GUITARRER\u00cdA DE GRANADA%.\",\"isPartOf\":{\"@id\":\"https:\\\/\\\/guitarradegranada.com\\\/en\\\/#website\"},\"primaryImageOfPage\":{\"@id\":\"https:\\\/\\\/guitarradegranada.com\\\/en\\\/product\\\/ebony-flamenco-capo-with-inlay\\\/#primaryimage\"},\"image\":{\"@id\":\"https:\\\/\\\/guitarradegranada.com\\\/en\\\/product\\\/ebony-flamenco-capo-with-inlay\\\/#primaryimage\"},\"thumbnailUrl\":\"https:\\\/\\\/guitarradegranada.com\\\/wp-content\\\/uploads\\\/2020\\\/12\\\/cejilla-flamenca-23.jpg\",\"datePublished\":\"2020-12-18T14:10:23+00:00\",\"dateModified\":\"2026-03-23T16:02:19+00:00\",\"description\":\"Flamenco capo made of African Ebony with Grenadian inlay. Exclusive design made in our workshop in Granada. | \u2708\ufe0f Shipping 24\\\/48h.\",\"breadcrumb\":{\"@id\":\"https:\\\/\\\/guitarradegranada.com\\\/en\\\/product\\\/ebony-flamenco-capo-with-inlay\\\/#breadcrumb\"},\"inLanguage\":\"en-US\",\"potentialAction\":[{\"@type\":\"ReadAction\",\"target\":[\"https:\\\/\\\/guitarradegranada.com\\\/en\\\/product\\\/ebony-flamenco-capo-with-inlay\\\/\"]}]},{\"@type\":\"ImageObject\",\"inLanguage\":\"en-US\",\"@id\":\"https:\\\/\\\/guitarradegranada.com\\\/en\\\/product\\\/ebony-flamenco-capo-with-inlay\\\/#primaryimage\",\"url\":\"https:\\\/\\\/guitarradegranada.com\\\/wp-content\\\/uploads\\\/2020\\\/12\\\/cejilla-flamenca-23.jpg\",\"contentUrl\":\"https:\\\/\\\/guitarradegranada.com\\\/wp-content\\\/uploads\\\/2020\\\/12\\\/cejilla-flamenca-23.jpg\",\"width\":1152,\"height\":864,\"caption\":\"Cejilla flamenca with inlay\"},{\"@type\":\"BreadcrumbList\",\"@id\":\"https:\\\/\\\/guitarradegranada.com\\\/en\\\/product\\\/ebony-flamenco-capo-with-inlay\\\/#breadcrumb\",\"itemListElement\":[{\"@type\":\"ListItem\",\"position\":1,\"name\":\"Portada\",\"item\":\"https:\\\/\\\/guitarradegranada.com\\\/en\\\/\"},{\"@type\":\"ListItem\",\"position\":2,\"name\":\"Store\",\"item\":\"https:\\\/\\\/guitarradegranada.com\\\/en\\\/store\\\/\"},{\"@type\":\"ListItem\",\"position\":3,\"name\":\"Ebony Flamenco Capo with Inlay\"}]},{\"@type\":\"WebSite\",\"@id\":\"https:\\\/\\\/guitarradegranada.com\\\/en\\\/#website\",\"url\":\"https:\\\/\\\/guitarradegranada.com\\\/en\\\/\",\"name\":\"LA GUITARRER\u00cdA DE GRANADA\",\"description\":\"La Guitarrer\u00eda de Granada es un taller de lutheria artesano y una tienda d\u00f3nde puedes encontrar guitarras artesanas flamencas, cl\u00e1sicas y todos los accesorios para guitarristas\",\"publisher\":{\"@id\":\"https:\\\/\\\/guitarradegranada.com\\\/en\\\/#organization\"},\"potentialAction\":[{\"@type\":\"SearchAction\",\"target\":{\"@type\":\"EntryPoint\",\"urlTemplate\":\"https:\\\/\\\/guitarradegranada.com\\\/en\\\/?s={search_term_string}\"},\"query-input\":{\"@type\":\"PropertyValueSpecification\",\"valueRequired\":true,\"valueName\":\"search_term_string\"}}],\"inLanguage\":\"en-US\"},{\"@type\":\"Organization\",\"@id\":\"https:\\\/\\\/guitarradegranada.com\\\/en\\\/#organization\",\"name\":\"Guitarra de Granada\",\"url\":\"https:\\\/\\\/guitarradegranada.com\\\/en\\\/\",\"logo\":{\"@type\":\"ImageObject\",\"inLanguage\":\"en-US\",\"@id\":\"https:\\\/\\\/guitarradegranada.com\\\/en\\\/#\\\/schema\\\/logo\\\/image\\\/\",\"url\":\"https:\\\/\\\/guitarradegranada.com\\\/wp-content\\\/uploads\\\/2020\\\/05\\\/Logo-Guitarra-de-Granada.png\",\"contentUrl\":\"https:\\\/\\\/guitarradegranada.com\\\/wp-content\\\/uploads\\\/2020\\\/05\\\/Logo-Guitarra-de-Granada.png\",\"width\":1314,\"height\":219,\"caption\":\"Guitarra de Granada\"},\"image\":{\"@id\":\"https:\\\/\\\/guitarradegranada.com\\\/en\\\/#\\\/schema\\\/logo\\\/image\\\/\"}}]}<\/script>\n<!-- \/ Yoast SEO plugin. -->","yoast_head_json":{"title":"\u25b7Ebony Flamenco Capo with Inlay% -% LA GUITARRER\u00cdA DE GRANADA%.","description":"Flamenco capo made of African Ebony with Grenadian inlay. Exclusive design made in our workshop in Granada. | \u2708\ufe0f Shipping 24\/48h.","robots":{"index":"index","follow":"follow","max-snippet":"max-snippet:-1","max-image-preview":"max-image-preview:large","max-video-preview":"max-video-preview:-1"},"canonical":"https:\/\/guitarradegranada.com\/en\/product\/ebony-flamenco-capo-with-inlay\/","og_locale":"en_US","og_type":"article","og_title":"\u25b7Ebony Flamenco Capo with Inlay% -% LA GUITARRER\u00cdA DE GRANADA%.","og_description":"Flamenco capo made of African Ebony with Grenadian inlay. Exclusive design made in our workshop in Granada. | \u2708\ufe0f Shipping 24\/48h.","og_url":"https:\/\/guitarradegranada.com\/en\/product\/ebony-flamenco-capo-with-inlay\/","og_site_name":"LA GUITARRER\u00cdA DE GRANADA","article_modified_time":"2026-03-23T16:02:19+00:00","og_image":[{"width":1152,"height":864,"url":"https:\/\/i0.wp.com\/guitarradegranada.com\/wp-content\/uploads\/2020\/12\/cejilla-flamenca-23.jpg?fit=1152%2C864&ssl=1","type":"image\/jpeg"}],"twitter_card":"summary_large_image","twitter_misc":{"Est. reading time":"1 minute"},"schema":{"@context":"https:\/\/schema.org","@graph":[{"@type":"WebPage","@id":"https:\/\/guitarradegranada.com\/en\/product\/ebony-flamenco-capo-with-inlay\/","url":"https:\/\/guitarradegranada.com\/en\/product\/ebony-flamenco-capo-with-inlay\/","name":"\u25b7Ebony Flamenco Capo with Inlay% -% LA GUITARRER\u00cdA DE GRANADA%.","isPartOf":{"@id":"https:\/\/guitarradegranada.com\/en\/#website"},"primaryImageOfPage":{"@id":"https:\/\/guitarradegranada.com\/en\/product\/ebony-flamenco-capo-with-inlay\/#primaryimage"},"image":{"@id":"https:\/\/guitarradegranada.com\/en\/product\/ebony-flamenco-capo-with-inlay\/#primaryimage"},"thumbnailUrl":"https:\/\/guitarradegranada.com\/wp-content\/uploads\/2020\/12\/cejilla-flamenca-23.jpg","datePublished":"2020-12-18T14:10:23+00:00","dateModified":"2026-03-23T16:02:19+00:00","description":"Flamenco capo made of African Ebony with Grenadian inlay. Exclusive design made in our workshop in Granada. | \u2708\ufe0f Shipping 24\/48h.","breadcrumb":{"@id":"https:\/\/guitarradegranada.com\/en\/product\/ebony-flamenco-capo-with-inlay\/#breadcrumb"},"inLanguage":"en-US","potentialAction":[{"@type":"ReadAction","target":["https:\/\/guitarradegranada.com\/en\/product\/ebony-flamenco-capo-with-inlay\/"]}]},{"@type":"ImageObject","inLanguage":"en-US","@id":"https:\/\/guitarradegranada.com\/en\/product\/ebony-flamenco-capo-with-inlay\/#primaryimage","url":"https:\/\/guitarradegranada.com\/wp-content\/uploads\/2020\/12\/cejilla-flamenca-23.jpg","contentUrl":"https:\/\/guitarradegranada.com\/wp-content\/uploads\/2020\/12\/cejilla-flamenca-23.jpg","width":1152,"height":864,"caption":"Cejilla flamenca with inlay"},{"@type":"BreadcrumbList","@id":"https:\/\/guitarradegranada.com\/en\/product\/ebony-flamenco-capo-with-inlay\/#breadcrumb","itemListElement":[{"@type":"ListItem","position":1,"name":"Portada","item":"https:\/\/guitarradegranada.com\/en\/"},{"@type":"ListItem","position":2,"name":"Store","item":"https:\/\/guitarradegranada.com\/en\/store\/"},{"@type":"ListItem","position":3,"name":"Ebony Flamenco Capo with Inlay"}]},{"@type":"WebSite","@id":"https:\/\/guitarradegranada.com\/en\/#website","url":"https:\/\/guitarradegranada.com\/en\/","name":"LA GUITARRER\u00cdA DE GRANADA","description":"La Guitarrer\u00eda de Granada es un taller de lutheria artesano y una tienda d\u00f3nde puedes encontrar guitarras artesanas flamencas, cl\u00e1sicas y todos los accesorios para guitarristas","publisher":{"@id":"https:\/\/guitarradegranada.com\/en\/#organization"},"potentialAction":[{"@type":"SearchAction","target":{"@type":"EntryPoint","urlTemplate":"https:\/\/guitarradegranada.com\/en\/?s={search_term_string}"},"query-input":{"@type":"PropertyValueSpecification","valueRequired":true,"valueName":"search_term_string"}}],"inLanguage":"en-US"},{"@type":"Organization","@id":"https:\/\/guitarradegranada.com\/en\/#organization","name":"Guitarra de Granada","url":"https:\/\/guitarradegranada.com\/en\/","logo":{"@type":"ImageObject","inLanguage":"en-US","@id":"https:\/\/guitarradegranada.com\/en\/#\/schema\/logo\/image\/","url":"https:\/\/guitarradegranada.com\/wp-content\/uploads\/2020\/05\/Logo-Guitarra-de-Granada.png","contentUrl":"https:\/\/guitarradegranada.com\/wp-content\/uploads\/2020\/05\/Logo-Guitarra-de-Granada.png","width":1314,"height":219,"caption":"Guitarra de Granada"},"image":{"@id":"https:\/\/guitarradegranada.com\/en\/#\/schema\/logo\/image\/"}}]}},"jetpack_publicize_connections":[],"jetpack_sharing_enabled":true,"amp_enabled":true,"_links":{"self":[{"href":"https:\/\/guitarradegranada.com\/en\/wp-json\/wp\/v2\/product\/7738","targetHints":{"allow":["GET"]}}],"collection":[{"href":"https:\/\/guitarradegranada.com\/en\/wp-json\/wp\/v2\/product"}],"about":[{"href":"https:\/\/guitarradegranada.com\/en\/wp-json\/wp\/v2\/types\/product"}],"wp:featuredmedia":[{"embeddable":true,"href":"https:\/\/guitarradegranada.com\/en\/wp-json\/wp\/v2\/media\/3745"}],"wp:attachment":[{"href":"https:\/\/guitarradegranada.com\/en\/wp-json\/wp\/v2\/media?parent=7738"}],"wp:term":[{"taxonomy":"product_brand","embeddable":true,"href":"https:\/\/guitarradegranada.com\/en\/wp-json\/wp\/v2\/product_brand?post=7738"},{"taxonomy":"product_cat","embeddable":true,"href":"https:\/\/guitarradegranada.com\/en\/wp-json\/wp\/v2\/product_cat?post=7738"},{"taxonomy":"product_tag","embeddable":true,"href":"https:\/\/guitarradegranada.com\/en\/wp-json\/wp\/v2\/product_tag?post=7738"}],"curies":[{"name":"wp","href":"https:\/\/api.w.org\/{rel}","templated":true}]}}